{"id":18824,"date":"2025-10-13T00:32:31","date_gmt":"2025-10-12T16:32:31","guid":{"rendered":"https:\/\/balisoultrips.com\/product\/mount-ijen-hiking\/"},"modified":"2025-12-25T15:48:09","modified_gmt":"2025-12-25T07:48:09","slug":"mount-ijen-hiking","status":"publish","type":"product","link":"https:\/\/balisoultrips.com\/de\/produkt\/mount-ijen-hiking\/","title":{"rendered":"Wanderung am Vulkan Ijen"},"content":{"rendered":"<h6 class=\"p1\"><strong>Sprache<\/strong>: Englisch, Indonesisch<\/h6>\n<h2>\u00dcbersicht<\/h2>\n<p class=\"p1\">Der Vulkan Ijen liegt auf der Insel Java, sein h\u00f6chster Punkt erreicht 2.370 Meter<\/p>\n<p class=\"p1\">Die Reise beginnt in der Nacht. Auf dem Weg zum Gipfel kannst du die faszinierenden blauen Flammen sehen \u2014 sie entstehen durch brennenden Schwefel. Der Anblick ist atemberaubend, und schon die Nachtwanderung selbst hinterl\u00e4sst einen unvergesslichen Eindruck. Sobald du den Gipfel erreichst, steigst du in den Krater hinab<\/p>\n<p class=\"p1\">Die Aussicht vom Vulkan ist beeindruckend, und viele Besucher kommen extra hierher, um den Sonnenaufgang zu erleben. Im Krater liegt ein t\u00fcrkisfarbenes S\u00e4uresee \u2014 der gr\u00f6\u00dfte seiner Art weltweit<\/p>\n<p class=\"p1\">Du hast die M\u00f6glichkeit, unglaubliche Fotos zu machen!<\/p>\n<p class=\"p1\">Die Tour ist gleichzeitig landschaftlich spektakul\u00e4r und aufregend, begleitet von einem Guide, der dir die besten Aussichtspunkte zeigt und die spannende Geschichte des Vulkans erz\u00e4hlt<\/p>\n<h3>Wichtige Informationen<\/h3>\n<ul>\n<li>Buchung nur mit vollst\u00e4ndiger Vorauszahlung.<\/li>\n<li class=\"p1\">H\u00f6he des Vulkans: 2799 Meter<\/li>\n<li>Diese Tour ist f\u00fcr Personen mit durchschnittlicher k\u00f6rperlicher Fitness geeignet<\/li>\n<li>Durchschnittliche Auf- und Abstiegszeit: etwa 6\u20137 Stunden<\/li>\n<li>Kinder ab 12 Jahren sind unter Verantwortung der Eltern erlaubt<\/li>\n<li>Der Abstieg in den Krater bis zum See ist nicht f\u00fcr einen sicheren Zugang ausgestattet; wir empfehlen nicht, in den Krater hinabzusteigen. Im Falle eines Abstiegs \u00fcbernimmt der Veranstalter keine Verantwortung f\u00fcr m\u00f6gliche Folgen<\/li>\n<li>Die Wanderung am Vulkan Ijen wird nicht empfohlen f\u00fcr Personen mit Atemwegserkrankungen wie Asthma, chronischer Bronchitis, obstruktiver Lungenerkrankung und anderen Atemwegsproblemen, ebenso wenig f\u00fcr schwangere Frauen und Personen mit Herzinsuffizienz<\/li>\n<li>Bei Bedarf kannst du vor Ort warme Kleidung kaufen oder mieten (Jacken, Hosen, M\u00fctzen)<\/li>\n<li>Diese Tour beinhaltet lange Autofahrten; f\u00fcr mehr Komfort empfehlen wir die \u201c2-Tages-Tour nach Ijen und in den magischen Javatun-Benchuluk-Wald\u201d<\/li>\n<li>Wir treten als Buchungsservice und Vermittler zwischen dem Kunden und dem in Indonesien ans\u00e4ssigen Leistungsanbieter auf.<\/li>\n<li>Wir garantieren transparente, \u00f6ffentlich einsehbare Preise und Bedingungen \u2013 ohne versteckte Geb\u00fchren.<\/li>\n<li>Wir w\u00e4hlen unsere Partner sorgf\u00e4ltig aus und arbeiten st\u00e4ndig daran, die Qualit\u00e4t unseres Services weiter zu verbessern.<\/li>\n<\/ul>\n","protected":false},"excerpt":{"rendered":"<p>Sprache: Englisch, Indonesisch \u00dcbersicht Der Vulkan Ijen liegt auf der Insel Java, sein h\u00f6chster Punkt erreicht 2.370 Meter Die Reise beginnt in der Nacht. Auf dem Weg zum Gipfel kannst du die faszinierenden blauen Flammen sehen \u2014 sie entstehen durch brennenden Schwefel. Der Anblick ist atemberaubend, und schon die Nachtwanderung selbst hinterl\u00e4sst einen unvergesslichen Eindruck. [&hellip;]<\/p>\n","protected":false},"featured_media":18818,"comment_status":"open","ping_status":"closed","template":"","meta":{"_acf_changed":false},"product_brand":[],"product_cat":[141,576],"product_tag":[],"class_list":{"0":"post-18824","1":"product","2":"type-product","3":"status-publish","4":"has-post-thumbnail","6":"brw_tour_types-private-tour","7":"brw_parent_child-parent","8":"product_cat-abenteuer","9":"product_cat-vulkane","11":"first","12":"instock","13":"shipping-taxable","14":"purchasable","15":"product-type-ovabrw_car_rental"},"acf":[],"_links":{"self":[{"href":"https:\/\/balisoultrips.com\/de\/wp-json\/wp\/v2\/product\/18824","targetHints":{"allow":["GET"]}}],"collection":[{"href":"https:\/\/balisoultrips.com\/de\/wp-json\/wp\/v2\/product"}],"about":[{"href":"https:\/\/balisoultrips.com\/de\/wp-json\/wp\/v2\/types\/product"}],"replies":[{"embeddable":true,"href":"https:\/\/balisoultrips.com\/de\/wp-json\/wp\/v2\/comments?post=18824"}],"wp:featuredmedia":[{"embeddable":true,"href":"https:\/\/balisoultrips.com\/de\/wp-json\/wp\/v2\/media\/18818"}],"wp:attachment":[{"href":"https:\/\/balisoultrips.com\/de\/wp-json\/wp\/v2\/media?parent=18824"}],"wp:term":[{"taxonomy":"product_brand","embeddable":true,"href":"https:\/\/balisoultrips.com\/de\/wp-json\/wp\/v2\/product_brand?post=18824"},{"taxonomy":"product_cat","embeddable":true,"href":"https:\/\/balisoultrips.com\/de\/wp-json\/wp\/v2\/product_cat?post=18824"},{"taxonomy":"product_tag","embeddable":true,"href":"https:\/\/balisoultrips.com\/de\/wp-json\/wp\/v2\/product_tag?post=18824"}],"curies":[{"name":"wp","href":"https:\/\/api.w.org\/{rel}","templated":true}]}}